{"id":3755,"date":"2016-06-02T10:13:09","date_gmt":"2016-06-02T09:13:09","guid":{"rendered":"http:\/\/www.tokajiirotabor.hu\/?page_id=3755"},"modified":"2016-06-14T13:45:19","modified_gmt":"2016-06-14T12:45:19","slug":"kuratorium","status":"publish","type":"page","link":"https:\/\/tokajiirotabor.hu\/irotabor_archiv\/kuratorium\/","title":{"rendered":"Kurat\u00f3rium"},"content":{"rendered":"<p>&nbsp;<\/p>\n<table border=\"0\" width=\"100%\" cellspacing=\"0\" cellpadding=\"0\">\n<tbody>\n<tr>\n<td>\n<p align=\"center\"><strong>A Tokaji \u00cdr\u00f3t\u00e1bor kurat\u00f3riuma<\/strong><\/p>\n<p align=\"center\">2012-2014<\/p>\n<p align=\"center\">Deleg\u00e1ltak (12-f\u0151)<\/p>\n<p align=\"center\">Magyar \u00cdr\u00f3sz\u00f6vets\u00e9g \u2014 <strong>Szentm\u00e1rtoni J\u00e1nos <\/strong>\u00a0k\u00f6lt\u0151<\/p>\n<p align=\"center\">J\u00f3zsef Attila K\u00f6r \u2014 jelenleg bet\u00f6ltetlen<\/p>\n<p align=\"center\">Fiatal \u00cdr\u00f3k Sz\u00f6vets\u00e9ge \u2014 <strong>Szalai Zsolt<\/strong> k\u00f6lt\u0151<\/p>\n<p align=\"center\">Magyar P.E.N.Klub \u2014 <strong>Turczi Istv\u00e1n<\/strong> \u00edr\u00f3<\/p>\n<p align=\"center\">Sz\u00e9chenyi Irodalmi \u00e9s M\u0171v\u00e9szeti Akad\u00e9mia \u2014 jelenleg bet\u00f6ltetlen<\/p>\n<p align=\"center\">Magyar \u00cdr\u00f3k Egyes\u00fclete\u00a0\u2014\u00a0jelenleg bet\u00f6ltetlen<\/p>\n<p align=\"center\">Magyar \u00cdr\u00f3k Szakszervezete \u2014 <strong>Mezey Katalin<\/strong> \u00fcgyvezet\u0151<\/p>\n<p align=\"center\">Sz\u00e9p\u00edr\u00f3k T\u00e1rsas\u00e1ga \u2014 <span style=\"font-family: Arial; font-size: small;\"><span class=\"984261221-04012013\"><strong>K\u00e9ri Piroska<\/strong> titk\u00e1r, <strong>Kukorelly Endre<\/strong> k\u00f6lt\u0151<\/span><\/span><\/p>\n<p align=\"center\">Magyar M\u0171v\u00e9szeti Akad\u00e9mia \u2014 <strong>\u00c1cs Margit<\/strong>\u00a0\u00edr\u00f3<\/p>\n<p align=\"center\">A Magyar Nyelv \u00e9s Kult\u00fara Nemzetk\u00f6zi T\u00e1rsas\u00e1ga-<\/p>\n<p align=\"center\">Anyanyelvi Konferencia \u2014 <strong>Barab\u00e1s Zolt\u00e1n<\/strong> k\u00f6lt\u0151<\/p>\n<p align=\"center\">Magyar \u00cdr\u00f3sz\u00f6vets\u00e9g \u00c9szak-Magyarorsz\u00e1gi Ter\u00fcleti Csoportja \u2014<strong>Serf\u0151z\u0151 Simon <\/strong>titk\u00e1r<\/p>\n<p align=\"center\">Borsod-Aba\u00faj-Zempl\u00e9n Megye \u00d6nkorm\u00e1nyzata \u2014 <strong>Kov\u00e1cs J\u00e1nos<\/strong>f\u0151jegyz\u0151<\/p>\n<p align=\"center\">Miskolc V\u00e1ros \u00d6nkorm\u00e1nyzata \u2014 <strong>Kiss G\u00e1bor\u00a0<\/strong>alpolg\u00e1rmester<\/p>\n<p align=\"center\">Tokaj V\u00e1ros \u00d6nkorm\u00e1nyzata \u2014 <strong>M\u00e1jer J\u00e1nos\u00a0<\/strong>polg\u00e1rmester<\/p>\n<p align=\"center\">V\u00e1lasztottak (11-f\u0151)<\/p>\n<p align=\"center\">A Magyar \u00cdr\u00f3sz\u00f6vets\u00e9g r\u00e9sz\u00e9r\u0151l:<\/p>\n<p align=\"center\"><strong>Bertha Zolt\u00e1n<\/strong> \u2014\u00a0<strong>Iancu Laura\u00a0<\/strong>\u2014 <strong>P\u00e9csi Gy\u00f6rgyi<\/strong> \u2014 <strong>Pomog\u00e1ts B\u00e9la<\/strong> \u2014 <strong>Vasy G\u00e9za<\/strong><\/p>\n<p align=\"center\">A Magyar \u00cdr\u00f3sz\u00f6vets\u00e9g \u00c9szak- Magyarorsz\u00e1gi Csoportja \u00e1ltal szervezett f\u00f3rum r\u00e9sz\u00e9r\u0151l:<\/p>\n<p align=\"center\">\u00a0<strong>K\u00f6d\u00f6b\u00f6cz G\u00e1bor<\/strong><\/p>\n<p align=\"center\">A Magyar \u00cdr\u00f3k Szakszervezete Eln\u00f6ks\u00e9ge r\u00e9sz\u00e9r\u0151l:<\/p>\n<p align=\"center\"><strong>J\u00e1nosi Zolt\u00e1n\u00a0<\/strong>\u2014<strong>\u00a0Kal\u00e1sz M\u00e1rton\u00a0<\/strong>\u2014 <strong>Sturm L\u00e1szl\u00f3<\/strong><\/p>\n<p align=\"center\">A Tokaji \u00cdr\u00f3t\u00e1bor Egyes\u00fclet kurat\u00f3riuma \u00e1ltal<\/p>\n<p align=\"center\">(a titk\u00e1r szem\u00e9ly\u00e9ben, \u00f6t \u00e9vre):<\/p>\n<p align=\"center\"><strong>S\u00e1ray L\u00e1szl\u00f3<\/strong><\/p>\n<p align=\"center\">A Tokaji \u00cdr\u00f3t\u00e1bor kurat\u00f3riuma \u00e1ltal v\u00e1lasztott<\/p>\n<p align=\"center\">tiszteletbeli kurat\u00f3riumi tag (teljes joggal):<\/p>\n<p align=\"center\"><strong>Antall Istv\u00e1n<\/strong><\/p>\n<p align=\"center\">Budapest, 2012. m\u00e1rcius 20.<\/p>\n<hr \/>\n<\/td>\n<\/tr>\n<\/tbody>\n<\/table>\n<p>&nbsp;<\/p>\n<p>&nbsp;<\/p>\n<p style=\"text-align: center;\"><strong>A Tokaji \u00cdr\u00f3t\u00e1bor kor\u00e1bbi kurat\u00f3riuma<\/strong><\/p>\n<p style=\"text-align: center;\">2009-2011<\/p>\n<p style=\"text-align: center;\">Deleg\u00e1ltak(13-f\u0151)<\/p>\n<p style=\"text-align: center;\">Magyar \u00cdr\u00f3sz\u00f6vets\u00e9g \u2014 <strong>Vasy G\u00e9za<\/strong> irodalomt\u00f6rt\u00e9n\u00e9sz<\/p>\n<p style=\"text-align: center;\">J\u00f3zsef Attila K\u00f6r \u2014 <strong>Balogh Endre<\/strong> szerkeszt\u0151<\/p>\n<p style=\"text-align: center;\">Fiatal \u00cdr\u00f3k Sz\u00f6vets\u00e9ge \u2014<strong> S\u00fct\u0151 Csaba Andr\u00e1s<\/strong> k\u00f6lt\u0151<\/p>\n<p style=\"text-align: center;\">Magyar P.E.N.Klub \u2014 <strong>Turczi Istv\u00e1n<\/strong> \u00edr\u00f3<\/p>\n<p style=\"text-align: center;\">Sz\u00e9chenyi Irodalmi \u00e9s M\u0171v\u00e9szeti Akad\u00e9mia\u2014 jelenleg bet\u00f6ltetlen<\/p>\n<p style=\"text-align: center;\">Magyar \u00cdr\u00f3k Egyes\u00fclete \u2014 <strong>Borb\u00e9ly L\u00e1szl\u00f3<\/strong> \u00edr\u00f3<\/p>\n<p style=\"text-align: center;\">Magyar \u00cdr\u00f3k Szakszervezete \u2014 <strong>Mezey Katalin<\/strong> \u00fcgyvezet\u0151<\/p>\n<p style=\"text-align: center;\">Sz\u00e9p\u00edr\u00f3k T\u00e1rsas\u00e1ga \u2014 <strong>Kukorelly Endre<\/strong> k\u00f6lt\u0151<\/p>\n<p style=\"text-align: center;\">A Magyar Nyelv \u00e9s Kult\u00fara Nemzetk\u00f6zi T\u00e1rsas\u00e1ga-<\/p>\n<p style=\"text-align: center;\">Anyanyelvi Konferencia \u2014 <strong>Barab\u00e1s Zolt\u00e1n<\/strong> k\u00f6lt\u0151<\/p>\n<p style=\"text-align: center;\">Magyar \u00cdr\u00f3sz\u00f6vets\u00e9g \u00c9szak-Magyarorsz\u00e1gi Ter\u00fcleti Csoportja \u2014<strong>Serf\u0151z\u0151 Simon<\/strong> titk\u00e1r<\/p>\n<p style=\"text-align: center;\">Borsod-Aba\u00faj-Zempl\u00e9n Megye \u00d6nkorm\u00e1nyzata \u2014 <strong>Kov\u00e1cs J\u00e1nos<\/strong>f\u0151jegyz\u0151<\/p>\n<p style=\"text-align: center;\">Miskolc V\u00e1ros \u00d6nkorm\u00e1nyzata \u2014 jelenleg bet\u00f6ltetlen<\/p>\n<p style=\"text-align: center;\">Tokaj V\u00e1ros \u00d6nkorm\u00e1nyzata \u2014 <strong>M\u00e1jer J\u00e1nos<\/strong> polg\u00e1rmester<\/p>\n<p style=\"text-align: center;\">V\u00e1lasztottak(11-f\u0151)<\/p>\n<p style=\"text-align: center;\">A Magyar \u00cdr\u00f3sz\u00f6vets\u00e9g r\u00e9sz\u00e9r\u0151l:<\/p>\n<p style=\"text-align: center;\">\u2014 Bertha Zolt\u00e1n \u2014<strong> Papp Tibor<\/strong> \u2014 <strong>P\u00e9csi Gy\u00f6rgyi<\/strong> \u2014 <strong>Pomog\u00e1ts B\u00e9la<\/strong> \u2014 <strong>Szentm\u00e1rtoni J\u00e1nos<\/strong><\/p>\n<p style=\"text-align: center;\">A Magyar \u00cdr\u00f3sz\u00f6vets\u00e9g \u00c9szak- Magyarorsz\u00e1gi Csoportja \u00e1ltal szervezett f\u00f3rum r\u00e9sz\u00e9r\u0151l<\/p>\n<p style=\"text-align: center;\">\u2014 <strong>K\u00f6d\u00f6b\u00f6cz G\u00e1bor<\/strong><\/p>\n<p style=\"text-align: center;\">A Magyar \u00cdr\u00f3k Szakszervezete Eln\u00f6ks\u00e9ge r\u00e9sz\u00e9r\u0151l:<\/p>\n<p style=\"text-align: center;\"><strong>Kal\u00e1sz M\u00e1rton<\/strong> \u2014 <strong>Nagy G\u00e1bor<\/strong> \u2014 <strong>Sturm L\u00e1szl\u00f3<\/strong><\/p>\n<p style=\"text-align: center;\">A Tokaji \u00cdr\u00f3t\u00e1bor Egyes\u00fclet kurat\u00f3riuma \u00e1ltal<\/p>\n<p style=\"text-align: center;\">(a titk\u00e1r szem\u00e9ly\u00e9ben, \u00f6t \u00e9vre)<\/p>\n<p style=\"text-align: center;\">\u2014 <strong>S\u00e1ray L\u00e1szl\u00f3<\/strong><\/p>\n<p style=\"text-align: center;\">A Tokaji \u00cdr\u00f3t\u00e1bor kurat\u00f3riuma \u00e1ltal v\u00e1lasztott<\/p>\n<p style=\"text-align: center;\">tiszteletbeli kurat\u00f3riumi tagok (teljes joggal)<\/p>\n<p style=\"text-align: center;\">\u2014 <strong>Antall Istv\u00e1n \u2020<\/strong><\/p>\n<p style=\"text-align: center;\">Budapest, 2011. janu\u00e1r 3.<\/p>\n","protected":false},"excerpt":{"rendered":"<p>&nbsp; A Tokaji \u00cdr\u00f3t\u00e1bor kurat\u00f3riuma 2012-2014 Deleg\u00e1ltak (12-f\u0151) Magyar \u00cdr\u00f3sz\u00f6vets\u00e9g \u2014 Szentm\u00e1rtoni J\u00e1nos \u00a0k\u00f6lt\u0151 J\u00f3zsef Attila K\u00f6r \u2014 jelenleg bet\u00f6ltetlen Fiatal \u00cdr\u00f3k Sz\u00f6vets\u00e9ge \u2014 Szalai Zsolt k\u00f6lt\u0151 Magyar P.E.N.Klub \u2014 Turczi Istv\u00e1n \u00edr\u00f3 Sz\u00e9chenyi Irodalmi \u00e9s M\u0171v\u00e9szeti Akad\u00e9mia \u2014 jelenleg&#8230;<\/p>\n","protected":false},"author":1,"featured_media":0,"parent":0,"menu_order":0,"comment_status":"closed","ping_status":"closed","template":"","meta":{"footnotes":""},"class_list":["post-3755","page","type-page","status-publish","hentry"],"_links":{"self":[{"href":"https:\/\/tokajiirotabor.hu\/irotabor_archiv\/wp-json\/wp\/v2\/pages\/3755"}],"collection":[{"href":"https:\/\/tokajiirotabor.hu\/irotabor_archiv\/wp-json\/wp\/v2\/pages"}],"about":[{"href":"https:\/\/tokajiirotabor.hu\/irotabor_archiv\/wp-json\/wp\/v2\/types\/page"}],"author":[{"embeddable":true,"href":"https:\/\/tokajiirotabor.hu\/irotabor_archiv\/wp-json\/wp\/v2\/users\/1"}],"replies":[{"embeddable":true,"href":"https:\/\/tokajiirotabor.hu\/irotabor_archiv\/wp-json\/wp\/v2\/comments?post=3755"}],"version-history":[{"count":3,"href":"https:\/\/tokajiirotabor.hu\/irotabor_archiv\/wp-json\/wp\/v2\/pages\/3755\/revisions"}],"predecessor-version":[{"id":3883,"href":"https:\/\/tokajiirotabor.hu\/irotabor_archiv\/wp-json\/wp\/v2\/pages\/3755\/revisions\/3883"}],"wp:attachment":[{"href":"https:\/\/tokajiirotabor.hu\/irotabor_archiv\/wp-json\/wp\/v2\/media?parent=3755"}],"curies":[{"name":"wp","href":"https:\/\/api.w.org\/{rel}","templated":true}]}}